{"id":6367,"date":"2024-07-02T11:20:25","date_gmt":"2024-07-02T09:20:25","guid":{"rendered":"https:\/\/www.noveltycuines.com\/proyectos-de-reforma\/cocina-negra-combinada-con-madera\/"},"modified":"2024-07-05T12:36:01","modified_gmt":"2024-07-05T10:36:01","slug":"cuina-negra-combinada-amb-fusta","status":"publish","type":"proyectos-de-reforma","link":"https:\/\/www.noveltycuines.com\/ca\/projectes-de-reforma\/cuina-negra-combinada-amb-fusta\/","title":{"rendered":"Cuina negra combinada amb fusta"},"content":{"rendered":"\t\t<div data-elementor-type=\"wp-post\" data-elementor-id=\"6367\" class=\"elementor elementor-6367 elementor-6149\" data-elementor-post-type=\"proyectos-de-reforma\">\n\t\t\t\t\t\t<section class=\"elementor-section elementor-top-section elementor-element elementor-element-8143edf elementor-section-boxed elementor-section-height-default elementor-section-height-default\" data-id=\"8143edf\" data-element_type=\"section\" data-e-type=\"section\">\n\t\t\t\t\t\t<div class=\"elementor-container elementor-column-gap-default\">\n\t\t\t\t\t<div class=\"elementor-column elementor-col-33 elementor-top-column elementor-element elementor-element-ac7517d\" data-id=\"ac7517d\" data-element_type=\"column\" data-e-type=\"column\">\n\t\t\t<div class=\"elementor-widget-wrap elementor-element-populated\">\n\t\t\t\t\t\t<div class=\"elementor-element elementor-element-5552477 elementor-widget elementor-widget-heading\" data-id=\"5552477\" data-element_type=\"widget\" data-e-type=\"widget\" data-widget_type=\"heading.default\">\n\t\t\t\t<div class=\"elementor-widget-container\">\n\t\t\t\t\t<p class=\"elementor-heading-title elementor-size-default\">Projectes<\/p>\t\t\t\t<\/div>\n\t\t\t\t<\/div>\n\t\t\t\t<div class=\"elementor-element elementor-element-906716d elementor-widget elementor-widget-heading\" data-id=\"906716d\" data-element_type=\"widget\" data-e-type=\"widget\" data-widget_type=\"heading.default\">\n\t\t\t\t<div class=\"elementor-widget-container\">\n\t\t\t\t\t<h1 class=\"elementor-heading-title elementor-size-default\">Cuina negra combinada amb fusta<\/h1>\t\t\t\t<\/div>\n\t\t\t\t<\/div>\n\t\t\t\t\t<\/div>\n\t\t<\/div>\n\t\t\t\t<div class=\"elementor-column elementor-col-66 elementor-top-column elementor-element elementor-element-08ce779\" data-id=\"08ce779\" data-element_type=\"column\" data-e-type=\"column\">\n\t\t\t<div class=\"elementor-widget-wrap elementor-element-populated\">\n\t\t\t\t\t\t<div class=\"elementor-element elementor-element-ab2b1a6 elementor-widget elementor-widget-text-editor\" data-id=\"ab2b1a6\" data-element_type=\"widget\" data-e-type=\"widget\" data-widget_type=\"text-editor.default\">\n\t\t\t\t<div class=\"elementor-widget-container\">\n\t\t\t\t\t\t\t\t\t<p>Una cuina negra treu llum?<\/p><p>La cuina Dica de fusta \u201croure r\u00fastic\u201d en combinaci\u00f3 amb el negre f\u00e8nix \u00e9s una opci\u00f3 auda\u00e7 i elegant. Sovint, l&#8217;\u00fas del color negre a la cuina pot generar uns certs dubtes, per\u00f2 no hi ha cap problema; fins i tot, si hagu\u00e9ssim optat per un disseny totalment negre, el resultat hauria estat excepcional.<\/p><p>Les cuines negres sempre transmeten una eleg\u00e0ncia atemporal, similar a una camisa negra que sempre llueix b\u00e9 i combina amb tot. En aquest cas, duem a terme una reforma integral, baixant el sostre per amagar instal\u00b7lacions, dissimulant i aprofitant l&#8217;estructura del pilar per crear un armari (que no \u00e9s visible) accessible des del passad\u00eds de la casa.<\/p><p><strong>Quant costa una cuina aix\u00ed?<\/strong> Els preus orientatius s\u00f3n:<\/p><ul><li>Mobiliari: 7.000 \u20ac<\/li><li>Marbre i electrodom\u00e8stics: 7.000 \u20ac<\/li><li>Paleta: 4.000 \u20ac<\/li><li>Lampista: 2.500 \u20ac<\/li><li>Pintor: 600 \u20ac<\/li><\/ul>\t\t\t\t\t\t\t\t<\/div>\n\t\t\t\t<\/div>\n\t\t\t\t\t<\/div>\n\t\t<\/div>\n\t\t\t\t\t<\/div>\n\t\t<\/section>\n\t\t\t\t<section class=\"elementor-section elementor-top-section elementor-element elementor-element-3c128cc elementor-section-full_width elementor-section-height-default elementor-section-height-default\" data-id=\"3c128cc\" data-element_type=\"section\" data-e-type=\"section\">\n\t\t\t\t\t\t<div class=\"elementor-container elementor-column-gap-default\">\n\t\t\t\t\t<div class=\"elementor-column elementor-col-100 elementor-top-column elementor-element elementor-element-5cf7739\" data-id=\"5cf7739\" data-element_type=\"column\" data-e-type=\"column\">\n\t\t\t<div class=\"elementor-widget-wrap elementor-element-populated\">\n\t\t\t\t\t\t<div class=\"elementor-element elementor-element-7aa52a3 elementor-widget elementor-widget-gallery\" data-id=\"7aa52a3\" data-element_type=\"widget\" data-e-type=\"widget\" data-settings=\"{&quot;gallery_layout&quot;:&quot;masonry&quot;,&quot;columns&quot;:3,&quot;gap&quot;:{&quot;unit&quot;:&quot;px&quot;,&quot;size&quot;:42,&quot;sizes&quot;:[]},&quot;lazyload&quot;:&quot;yes&quot;,&quot;columns_tablet&quot;:2,&quot;columns_mobile&quot;:1,&quot;gap_tablet&quot;:{&quot;unit&quot;:&quot;px&quot;,&quot;size&quot;:10,&quot;sizes&quot;:[]},&quot;gap_mobile&quot;:{&quot;unit&quot;:&quot;px&quot;,&quot;size&quot;:10,&quot;sizes&quot;:[]},&quot;link_to&quot;:&quot;file&quot;,&quot;overlay_background&quot;:&quot;yes&quot;,&quot;content_hover_animation&quot;:&quot;fade-in&quot;}\" data-widget_type=\"gallery.default\">\n\t\t\t\t<div class=\"elementor-widget-container\">\n\t\t\t\t\t\t\t<div class=\"elementor-gallery__container\">\n\t\t\t\t\t\t\t<a class=\"e-gallery-item elementor-gallery-item elementor-animated-content\" href=\"https:\/\/www.noveltycuines.com\/wp-content\/uploads\/2024\/02\/general-izq-largo.jpg\" data-elementor-open-lightbox=\"yes\" data-elementor-lightbox-slideshow=\"7aa52a3\" data-elementor-lightbox-title=\"general-izq-largo\" data-e-action-hash=\"#elementor-action%3Aaction%3Dlightbox%26settings%3DeyJpZCI6MzQwOSwidXJsIjoiaHR0cHM6XC9cL3d3dy5ub3ZlbHR5Y3VpbmVzLmNvbVwvd3AtY29udGVudFwvdXBsb2Fkc1wvMjAyNFwvMDJcL2dlbmVyYWwtaXpxLWxhcmdvLmpwZyIsInNsaWRlc2hvdyI6IjdhYTUyYTMifQ%3D%3D\">\n\t\t\t\t\t<div class=\"e-gallery-image elementor-gallery-item__image\" data-thumbnail=\"https:\/\/www.noveltycuines.com\/wp-content\/uploads\/2024\/02\/general-izq-largo-1024x768.jpg\" data-width=\"800\" data-height=\"600\" aria-label=\"\" role=\"img\" ><\/div>\n\t\t\t\t\t\t\t\t\t\t\t<div class=\"elementor-gallery-item__overlay\"><\/div>\n\t\t\t\t\t\t\t\t\t\t\t\t\t\t<\/a>\n\t\t\t\t\t\t\t<a class=\"e-gallery-item elementor-gallery-item elementor-animated-content\" href=\"https:\/\/www.noveltycuines.com\/wp-content\/uploads\/2024\/02\/1699034670727.jpg\" data-elementor-open-lightbox=\"yes\" data-elementor-lightbox-slideshow=\"7aa52a3\" data-elementor-lightbox-title=\"1699034670727\" data-e-action-hash=\"#elementor-action%3Aaction%3Dlightbox%26settings%3DeyJpZCI6MzQxOCwidXJsIjoiaHR0cHM6XC9cL3d3dy5ub3ZlbHR5Y3VpbmVzLmNvbVwvd3AtY29udGVudFwvdXBsb2Fkc1wvMjAyNFwvMDJcLzE2OTkwMzQ2NzA3MjcuanBnIiwic2xpZGVzaG93IjoiN2FhNTJhMyJ9\">\n\t\t\t\t\t<div class=\"e-gallery-image elementor-gallery-item__image\" data-thumbnail=\"https:\/\/www.noveltycuines.com\/wp-content\/uploads\/2024\/02\/1699034670727-1024x768.jpg\" data-width=\"800\" data-height=\"600\" aria-label=\"Instalaci\u00f3n de cocina negra combinada con madera por Novelty Cuines\" role=\"img\" ><\/div>\n\t\t\t\t\t\t\t\t\t\t\t<div class=\"elementor-gallery-item__overlay\"><\/div>\n\t\t\t\t\t\t\t\t\t\t\t\t\t\t<\/a>\n\t\t\t\t\t\t\t<a class=\"e-gallery-item elementor-gallery-item elementor-animated-content\" href=\"https:\/\/www.noveltycuines.com\/wp-content\/uploads\/2024\/02\/general-derecha.jpg\" data-elementor-open-lightbox=\"yes\" data-elementor-lightbox-slideshow=\"7aa52a3\" data-elementor-lightbox-title=\"general-derecha\" data-e-action-hash=\"#elementor-action%3Aaction%3Dlightbox%26settings%3DeyJpZCI6MzQxMSwidXJsIjoiaHR0cHM6XC9cL3d3dy5ub3ZlbHR5Y3VpbmVzLmNvbVwvd3AtY29udGVudFwvdXBsb2Fkc1wvMjAyNFwvMDJcL2dlbmVyYWwtZGVyZWNoYS5qcGciLCJzbGlkZXNob3ciOiI3YWE1MmEzIn0%3D\">\n\t\t\t\t\t<div class=\"e-gallery-image elementor-gallery-item__image\" data-thumbnail=\"https:\/\/www.noveltycuines.com\/wp-content\/uploads\/2024\/02\/general-derecha-1024x768.jpg\" data-width=\"800\" data-height=\"600\" aria-label=\"\" role=\"img\" ><\/div>\n\t\t\t\t\t\t\t\t\t\t\t<div class=\"elementor-gallery-item__overlay\"><\/div>\n\t\t\t\t\t\t\t\t\t\t\t\t\t\t<\/a>\n\t\t\t\t\t\t\t<a class=\"e-gallery-item elementor-gallery-item elementor-animated-content\" href=\"https:\/\/www.noveltycuines.com\/wp-content\/uploads\/2024\/02\/Nadal.jpeg\" data-elementor-open-lightbox=\"yes\" data-elementor-lightbox-slideshow=\"7aa52a3\" data-elementor-lightbox-title=\"Nadal\" data-e-action-hash=\"#elementor-action%3Aaction%3Dlightbox%26settings%3DeyJpZCI6MzQxMywidXJsIjoiaHR0cHM6XC9cL3d3dy5ub3ZlbHR5Y3VpbmVzLmNvbVwvd3AtY29udGVudFwvdXBsb2Fkc1wvMjAyNFwvMDJcL05hZGFsLmpwZWciLCJzbGlkZXNob3ciOiI3YWE1MmEzIn0%3D\">\n\t\t\t\t\t<div class=\"e-gallery-image elementor-gallery-item__image\" data-thumbnail=\"https:\/\/www.noveltycuines.com\/wp-content\/uploads\/2024\/02\/Nadal-576x1024.jpeg\" data-width=\"576\" data-height=\"1024\" aria-label=\"\" role=\"img\" ><\/div>\n\t\t\t\t\t\t\t\t\t\t\t<div class=\"elementor-gallery-item__overlay\"><\/div>\n\t\t\t\t\t\t\t\t\t\t\t\t\t\t<\/a>\n\t\t\t\t\t\t\t<a class=\"e-gallery-item elementor-gallery-item elementor-animated-content\" href=\"https:\/\/www.noveltycuines.com\/wp-content\/uploads\/2024\/02\/Armari.jpeg\" data-elementor-open-lightbox=\"yes\" data-elementor-lightbox-slideshow=\"7aa52a3\" data-elementor-lightbox-title=\"Armari\" data-e-action-hash=\"#elementor-action%3Aaction%3Dlightbox%26settings%3DeyJpZCI6MzQxNSwidXJsIjoiaHR0cHM6XC9cL3d3dy5ub3ZlbHR5Y3VpbmVzLmNvbVwvd3AtY29udGVudFwvdXBsb2Fkc1wvMjAyNFwvMDJcL0FybWFyaS5qcGVnIiwic2xpZGVzaG93IjoiN2FhNTJhMyJ9\">\n\t\t\t\t\t<div class=\"e-gallery-image elementor-gallery-item__image\" data-thumbnail=\"https:\/\/www.noveltycuines.com\/wp-content\/uploads\/2024\/02\/Armari-473x1024.jpeg\" data-width=\"473\" data-height=\"1024\" aria-label=\"\" role=\"img\" ><\/div>\n\t\t\t\t\t\t\t\t\t\t\t<div class=\"elementor-gallery-item__overlay\"><\/div>\n\t\t\t\t\t\t\t\t\t\t\t\t\t\t<\/a>\n\t\t\t\t\t<\/div>\n\t\t\t\t\t<\/div>\n\t\t\t\t<\/div>\n\t\t\t\t\t<\/div>\n\t\t<\/div>\n\t\t\t\t\t<\/div>\n\t\t<\/section>\n\t\t\t\t<\/div>\n\t\t","protected":false},"featured_media":3419,"template":"","class_list":["post-6367","proyectos-de-reforma","type-proyectos-de-reforma","status-publish","has-post-thumbnail","hentry"],"acf":[],"yoast_head":"<!-- This site is optimized with the Yoast SEO plugin v27.5 - https:\/\/yoast.com\/product\/yoast-seo-wordpress\/ -->\n<title>Cuina negra combinada amb fusta | Novelty Cuines<\/title>\n<meta name=\"description\" content=\"Reforma de cuina baixant el sostre per amagar instal\u00b7lacions i dissimulant i aprofitant l&#039;estructura del pilar per crear un armari accessible des del passad\u00eds de la casa.\" \/>\n<meta name=\"robots\" content=\"index, follow, max-snippet:-1, max-image-preview:large, max-video-preview:-1\" \/>\n<link rel=\"canonical\" href=\"https:\/\/www.noveltycuines.com\/ca\/projectes-de-reforma\/cuina-negra-combinada-amb-fusta\/\" \/>\n<meta property=\"og:locale\" content=\"ca_ES\" \/>\n<meta property=\"og:type\" content=\"article\" \/>\n<meta property=\"og:title\" content=\"Cuina negra combinada amb fusta | Novelty Cuines\" \/>\n<meta property=\"og:description\" content=\"Reforma de cuina baixant el sostre per amagar instal\u00b7lacions i dissimulant i aprofitant l&#039;estructura del pilar per crear un armari accessible des del passad\u00eds de la casa.\" \/>\n<meta property=\"og:url\" content=\"https:\/\/www.noveltycuines.com\/ca\/projectes-de-reforma\/cuina-negra-combinada-amb-fusta\/\" \/>\n<meta property=\"og:site_name\" content=\"Novelty Cuines\" \/>\n<meta property=\"article:publisher\" content=\"https:\/\/www.facebook.com\/NoveltyCuines\" \/>\n<meta property=\"article:modified_time\" content=\"2024-07-05T10:36:01+00:00\" \/>\n<meta property=\"og:image\" content=\"https:\/\/www.noveltycuines.com\/wp-content\/uploads\/2024\/02\/1699034670727.jpg\" \/>\n\t<meta property=\"og:image:width\" content=\"1600\" \/>\n\t<meta property=\"og:image:height\" content=\"1200\" \/>\n\t<meta property=\"og:image:type\" content=\"image\/jpeg\" \/>\n<meta name=\"twitter:card\" content=\"summary_large_image\" \/>\n<meta name=\"twitter:label1\" content=\"Temps estimat de lectura\" \/>\n\t<meta name=\"twitter:data1\" content=\"1 minut\" \/>\n<script type=\"application\/ld+json\" class=\"yoast-schema-graph\">{\"@context\":\"https:\\\/\\\/schema.org\",\"@graph\":[{\"@type\":\"WebPage\",\"@id\":\"https:\\\/\\\/www.noveltycuines.com\\\/ca\\\/projectes-de-reforma\\\/cuina-negra-combinada-amb-fusta\\\/\",\"url\":\"https:\\\/\\\/www.noveltycuines.com\\\/ca\\\/projectes-de-reforma\\\/cuina-negra-combinada-amb-fusta\\\/\",\"name\":\"Cuina negra combinada amb fusta | Novelty Cuines\",\"isPartOf\":{\"@id\":\"https:\\\/\\\/www.noveltycuines.com\\\/ca\\\/#website\"},\"primaryImageOfPage\":{\"@id\":\"https:\\\/\\\/www.noveltycuines.com\\\/ca\\\/projectes-de-reforma\\\/cuina-negra-combinada-amb-fusta\\\/#primaryimage\"},\"image\":{\"@id\":\"https:\\\/\\\/www.noveltycuines.com\\\/ca\\\/projectes-de-reforma\\\/cuina-negra-combinada-amb-fusta\\\/#primaryimage\"},\"thumbnailUrl\":\"https:\\\/\\\/www.noveltycuines.com\\\/wp-content\\\/uploads\\\/2024\\\/02\\\/1699034670727.jpg\",\"datePublished\":\"2024-07-02T09:20:25+00:00\",\"dateModified\":\"2024-07-05T10:36:01+00:00\",\"description\":\"Reforma de cuina baixant el sostre per amagar instal\u00b7lacions i dissimulant i aprofitant l'estructura del pilar per crear un armari accessible des del passad\u00eds de la casa.\",\"breadcrumb\":{\"@id\":\"https:\\\/\\\/www.noveltycuines.com\\\/ca\\\/projectes-de-reforma\\\/cuina-negra-combinada-amb-fusta\\\/#breadcrumb\"},\"inLanguage\":\"ca\",\"potentialAction\":[{\"@type\":\"ReadAction\",\"target\":[\"https:\\\/\\\/www.noveltycuines.com\\\/ca\\\/projectes-de-reforma\\\/cuina-negra-combinada-amb-fusta\\\/\"]}]},{\"@type\":\"ImageObject\",\"inLanguage\":\"ca\",\"@id\":\"https:\\\/\\\/www.noveltycuines.com\\\/ca\\\/projectes-de-reforma\\\/cuina-negra-combinada-amb-fusta\\\/#primaryimage\",\"url\":\"https:\\\/\\\/www.noveltycuines.com\\\/wp-content\\\/uploads\\\/2024\\\/02\\\/1699034670727.jpg\",\"contentUrl\":\"https:\\\/\\\/www.noveltycuines.com\\\/wp-content\\\/uploads\\\/2024\\\/02\\\/1699034670727.jpg\",\"width\":1600,\"height\":1200,\"caption\":\"Instalaci\u00f3n de cocina\"},{\"@type\":\"BreadcrumbList\",\"@id\":\"https:\\\/\\\/www.noveltycuines.com\\\/ca\\\/projectes-de-reforma\\\/cuina-negra-combinada-amb-fusta\\\/#breadcrumb\",\"itemListElement\":[{\"@type\":\"ListItem\",\"position\":1,\"name\":\"Portada\",\"item\":\"https:\\\/\\\/www.noveltycuines.com\\\/ca\\\/\"},{\"@type\":\"ListItem\",\"position\":2,\"name\":\"Cuina negra combinada amb fusta\"}]},{\"@type\":\"WebSite\",\"@id\":\"https:\\\/\\\/www.noveltycuines.com\\\/ca\\\/#website\",\"url\":\"https:\\\/\\\/www.noveltycuines.com\\\/ca\\\/\",\"name\":\"Novelty\",\"description\":\"Tienda muebles de cocina y ba\u00f1o, reformas integrales e interiorismo.\",\"publisher\":{\"@id\":\"https:\\\/\\\/www.noveltycuines.com\\\/ca\\\/#organization\"},\"alternateName\":\"Novelty\",\"potentialAction\":[{\"@type\":\"SearchAction\",\"target\":{\"@type\":\"EntryPoint\",\"urlTemplate\":\"https:\\\/\\\/www.noveltycuines.com\\\/ca\\\/?s={search_term_string}\"},\"query-input\":{\"@type\":\"PropertyValueSpecification\",\"valueRequired\":true,\"valueName\":\"search_term_string\"}}],\"inLanguage\":\"ca\"},{\"@type\":\"Organization\",\"@id\":\"https:\\\/\\\/www.noveltycuines.com\\\/ca\\\/#organization\",\"name\":\"Novelty\",\"alternateName\":\"Novelty\",\"url\":\"https:\\\/\\\/www.noveltycuines.com\\\/ca\\\/\",\"logo\":{\"@type\":\"ImageObject\",\"inLanguage\":\"ca\",\"@id\":\"https:\\\/\\\/www.noveltycuines.com\\\/ca\\\/#\\\/schema\\\/logo\\\/image\\\/\",\"url\":\"https:\\\/\\\/www.noveltycuines.com\\\/wp-content\\\/uploads\\\/2024\\\/02\\\/logo-yoast.png\",\"contentUrl\":\"https:\\\/\\\/www.noveltycuines.com\\\/wp-content\\\/uploads\\\/2024\\\/02\\\/logo-yoast.png\",\"width\":600,\"height\":600,\"caption\":\"Novelty\"},\"image\":{\"@id\":\"https:\\\/\\\/www.noveltycuines.com\\\/ca\\\/#\\\/schema\\\/logo\\\/image\\\/\"},\"sameAs\":[\"https:\\\/\\\/www.facebook.com\\\/NoveltyCuines\",\"https:\\\/\\\/www.instagram.com\\\/noveltycuines\\\/\"]}]}<\/script>\n<!-- \/ Yoast SEO plugin. -->","yoast_head_json":{"title":"Cuina negra combinada amb fusta | Novelty Cuines","description":"Reforma de cuina baixant el sostre per amagar instal\u00b7lacions i dissimulant i aprofitant l'estructura del pilar per crear un armari accessible des del passad\u00eds de la casa.","robots":{"index":"index","follow":"follow","max-snippet":"max-snippet:-1","max-image-preview":"max-image-preview:large","max-video-preview":"max-video-preview:-1"},"canonical":"https:\/\/www.noveltycuines.com\/ca\/projectes-de-reforma\/cuina-negra-combinada-amb-fusta\/","og_locale":"ca_ES","og_type":"article","og_title":"Cuina negra combinada amb fusta | Novelty Cuines","og_description":"Reforma de cuina baixant el sostre per amagar instal\u00b7lacions i dissimulant i aprofitant l'estructura del pilar per crear un armari accessible des del passad\u00eds de la casa.","og_url":"https:\/\/www.noveltycuines.com\/ca\/projectes-de-reforma\/cuina-negra-combinada-amb-fusta\/","og_site_name":"Novelty Cuines","article_publisher":"https:\/\/www.facebook.com\/NoveltyCuines","article_modified_time":"2024-07-05T10:36:01+00:00","og_image":[{"width":1600,"height":1200,"url":"https:\/\/www.noveltycuines.com\/wp-content\/uploads\/2024\/02\/1699034670727.jpg","type":"image\/jpeg"}],"twitter_card":"summary_large_image","twitter_misc":{"Temps estimat de lectura":"1 minut"},"schema":{"@context":"https:\/\/schema.org","@graph":[{"@type":"WebPage","@id":"https:\/\/www.noveltycuines.com\/ca\/projectes-de-reforma\/cuina-negra-combinada-amb-fusta\/","url":"https:\/\/www.noveltycuines.com\/ca\/projectes-de-reforma\/cuina-negra-combinada-amb-fusta\/","name":"Cuina negra combinada amb fusta | Novelty Cuines","isPartOf":{"@id":"https:\/\/www.noveltycuines.com\/ca\/#website"},"primaryImageOfPage":{"@id":"https:\/\/www.noveltycuines.com\/ca\/projectes-de-reforma\/cuina-negra-combinada-amb-fusta\/#primaryimage"},"image":{"@id":"https:\/\/www.noveltycuines.com\/ca\/projectes-de-reforma\/cuina-negra-combinada-amb-fusta\/#primaryimage"},"thumbnailUrl":"https:\/\/www.noveltycuines.com\/wp-content\/uploads\/2024\/02\/1699034670727.jpg","datePublished":"2024-07-02T09:20:25+00:00","dateModified":"2024-07-05T10:36:01+00:00","description":"Reforma de cuina baixant el sostre per amagar instal\u00b7lacions i dissimulant i aprofitant l'estructura del pilar per crear un armari accessible des del passad\u00eds de la casa.","breadcrumb":{"@id":"https:\/\/www.noveltycuines.com\/ca\/projectes-de-reforma\/cuina-negra-combinada-amb-fusta\/#breadcrumb"},"inLanguage":"ca","potentialAction":[{"@type":"ReadAction","target":["https:\/\/www.noveltycuines.com\/ca\/projectes-de-reforma\/cuina-negra-combinada-amb-fusta\/"]}]},{"@type":"ImageObject","inLanguage":"ca","@id":"https:\/\/www.noveltycuines.com\/ca\/projectes-de-reforma\/cuina-negra-combinada-amb-fusta\/#primaryimage","url":"https:\/\/www.noveltycuines.com\/wp-content\/uploads\/2024\/02\/1699034670727.jpg","contentUrl":"https:\/\/www.noveltycuines.com\/wp-content\/uploads\/2024\/02\/1699034670727.jpg","width":1600,"height":1200,"caption":"Instalaci\u00f3n de cocina"},{"@type":"BreadcrumbList","@id":"https:\/\/www.noveltycuines.com\/ca\/projectes-de-reforma\/cuina-negra-combinada-amb-fusta\/#breadcrumb","itemListElement":[{"@type":"ListItem","position":1,"name":"Portada","item":"https:\/\/www.noveltycuines.com\/ca\/"},{"@type":"ListItem","position":2,"name":"Cuina negra combinada amb fusta"}]},{"@type":"WebSite","@id":"https:\/\/www.noveltycuines.com\/ca\/#website","url":"https:\/\/www.noveltycuines.com\/ca\/","name":"Novelty","description":"Tienda muebles de cocina y ba\u00f1o, reformas integrales e interiorismo.","publisher":{"@id":"https:\/\/www.noveltycuines.com\/ca\/#organization"},"alternateName":"Novelty","potentialAction":[{"@type":"SearchAction","target":{"@type":"EntryPoint","urlTemplate":"https:\/\/www.noveltycuines.com\/ca\/?s={search_term_string}"},"query-input":{"@type":"PropertyValueSpecification","valueRequired":true,"valueName":"search_term_string"}}],"inLanguage":"ca"},{"@type":"Organization","@id":"https:\/\/www.noveltycuines.com\/ca\/#organization","name":"Novelty","alternateName":"Novelty","url":"https:\/\/www.noveltycuines.com\/ca\/","logo":{"@type":"ImageObject","inLanguage":"ca","@id":"https:\/\/www.noveltycuines.com\/ca\/#\/schema\/logo\/image\/","url":"https:\/\/www.noveltycuines.com\/wp-content\/uploads\/2024\/02\/logo-yoast.png","contentUrl":"https:\/\/www.noveltycuines.com\/wp-content\/uploads\/2024\/02\/logo-yoast.png","width":600,"height":600,"caption":"Novelty"},"image":{"@id":"https:\/\/www.noveltycuines.com\/ca\/#\/schema\/logo\/image\/"},"sameAs":["https:\/\/www.facebook.com\/NoveltyCuines","https:\/\/www.instagram.com\/noveltycuines\/"]}]}},"_links":{"self":[{"href":"https:\/\/www.noveltycuines.com\/ca\/wp-json\/wp\/v2\/proyectos-de-reforma\/6367","targetHints":{"allow":["GET"]}}],"collection":[{"href":"https:\/\/www.noveltycuines.com\/ca\/wp-json\/wp\/v2\/proyectos-de-reforma"}],"about":[{"href":"https:\/\/www.noveltycuines.com\/ca\/wp-json\/wp\/v2\/types\/proyectos-de-reforma"}],"version-history":[{"count":0,"href":"https:\/\/www.noveltycuines.com\/ca\/wp-json\/wp\/v2\/proyectos-de-reforma\/6367\/revisions"}],"wp:featuredmedia":[{"embeddable":true,"href":"https:\/\/www.noveltycuines.com\/ca\/wp-json\/wp\/v2\/media\/3419"}],"wp:attachment":[{"href":"https:\/\/www.noveltycuines.com\/ca\/wp-json\/wp\/v2\/media?parent=6367"}],"curies":[{"name":"wp","href":"https:\/\/api.w.org\/{rel}","templated":true}]}}