{"id":6360,"date":"2024-07-02T11:48:37","date_gmt":"2024-07-02T09:48:37","guid":{"rendered":"https:\/\/www.noveltycuines.com\/proyectos-de-reforma\/reforma-de-cocina-rustica\/"},"modified":"2024-07-05T11:56:12","modified_gmt":"2024-07-05T09:56:12","slug":"reforma-de-cuina-rustica","status":"publish","type":"proyectos-de-reforma","link":"https:\/\/www.noveltycuines.com\/ca\/projectes-de-reforma\/reforma-de-cuina-rustica\/","title":{"rendered":"Reforma de cuina r\u00fastica"},"content":{"rendered":"\t\t<div data-elementor-type=\"wp-post\" data-elementor-id=\"6360\" class=\"elementor elementor-6360 elementor-6193\" data-elementor-post-type=\"proyectos-de-reforma\">\n\t\t\t\t\t\t<section class=\"elementor-section elementor-top-section elementor-element elementor-element-286cbc2 elementor-section-boxed elementor-section-height-default elementor-section-height-default\" data-id=\"286cbc2\" data-element_type=\"section\" data-e-type=\"section\">\n\t\t\t\t\t\t<div class=\"elementor-container elementor-column-gap-default\">\n\t\t\t\t\t<div class=\"elementor-column elementor-col-33 elementor-top-column elementor-element elementor-element-5c3781a\" data-id=\"5c3781a\" data-element_type=\"column\" data-e-type=\"column\">\n\t\t\t<div class=\"elementor-widget-wrap elementor-element-populated\">\n\t\t\t\t\t\t<div class=\"elementor-element elementor-element-62b6d15 elementor-widget elementor-widget-heading\" data-id=\"62b6d15\" data-element_type=\"widget\" data-e-type=\"widget\" data-widget_type=\"heading.default\">\n\t\t\t\t<div class=\"elementor-widget-container\">\n\t\t\t\t\t<p class=\"elementor-heading-title elementor-size-default\">Projectes<\/p>\t\t\t\t<\/div>\n\t\t\t\t<\/div>\n\t\t\t\t<div class=\"elementor-element elementor-element-24985e3 elementor-widget elementor-widget-heading\" data-id=\"24985e3\" data-element_type=\"widget\" data-e-type=\"widget\" data-widget_type=\"heading.default\">\n\t\t\t\t<div class=\"elementor-widget-container\">\n\t\t\t\t\t<h1 class=\"elementor-heading-title elementor-size-default\">Reforma de cuina r\u00fastica<\/h1>\t\t\t\t<\/div>\n\t\t\t\t<\/div>\n\t\t\t\t\t<\/div>\n\t\t<\/div>\n\t\t\t\t<div class=\"elementor-column elementor-col-66 elementor-top-column elementor-element elementor-element-7ea4d67\" data-id=\"7ea4d67\" data-element_type=\"column\" data-e-type=\"column\">\n\t\t\t<div class=\"elementor-widget-wrap elementor-element-populated\">\n\t\t\t\t\t\t<div class=\"elementor-element elementor-element-ca04452 elementor-widget elementor-widget-text-editor\" data-id=\"ca04452\" data-element_type=\"widget\" data-e-type=\"widget\" data-widget_type=\"text-editor.default\">\n\t\t\t\t<div class=\"elementor-widget-container\">\n\t\t\t\t\t\t\t\t\tCuina r\u00fastica realitzada a Calafell amb el model de cuines Dica Arkadia, color \u00abblanc nata\u00bb i rajola de Neolith La Boheme per donar un efecte de m\u00e9s solidesa i mantenir la continu\u00eftat de la beta \u00edntegrament.\n\nCampana decorativa del client on hem aplicat una petita restauraci\u00f3, reparant la fusta i canviant les rajoles existents.\t\t\t\t\t\t\t\t<\/div>\n\t\t\t\t<\/div>\n\t\t\t\t\t<\/div>\n\t\t<\/div>\n\t\t\t\t\t<\/div>\n\t\t<\/section>\n\t\t\t\t<section class=\"elementor-section elementor-top-section elementor-element elementor-element-a5d4b53 elementor-section-full_width elementor-section-height-default elementor-section-height-default\" data-id=\"a5d4b53\" data-element_type=\"section\" data-e-type=\"section\">\n\t\t\t\t\t\t<div class=\"elementor-container elementor-column-gap-default\">\n\t\t\t\t\t<div class=\"elementor-column elementor-col-100 elementor-top-column elementor-element elementor-element-4cf263a\" data-id=\"4cf263a\" data-element_type=\"column\" data-e-type=\"column\">\n\t\t\t<div class=\"elementor-widget-wrap elementor-element-populated\">\n\t\t\t\t\t\t<div class=\"elementor-element elementor-element-55268f7 elementor-widget elementor-widget-gallery\" data-id=\"55268f7\" data-element_type=\"widget\" data-e-type=\"widget\" data-settings=\"{&quot;gallery_layout&quot;:&quot;masonry&quot;,&quot;columns&quot;:3,&quot;gap&quot;:{&quot;unit&quot;:&quot;px&quot;,&quot;size&quot;:42,&quot;sizes&quot;:[]},&quot;lazyload&quot;:&quot;yes&quot;,&quot;columns_tablet&quot;:2,&quot;columns_mobile&quot;:1,&quot;gap_tablet&quot;:{&quot;unit&quot;:&quot;px&quot;,&quot;size&quot;:10,&quot;sizes&quot;:[]},&quot;gap_mobile&quot;:{&quot;unit&quot;:&quot;px&quot;,&quot;size&quot;:10,&quot;sizes&quot;:[]},&quot;link_to&quot;:&quot;file&quot;,&quot;overlay_background&quot;:&quot;yes&quot;,&quot;content_hover_animation&quot;:&quot;fade-in&quot;}\" data-widget_type=\"gallery.default\">\n\t\t\t\t<div class=\"elementor-widget-container\">\n\t\t\t\t\t\t\t<div class=\"elementor-gallery__container\">\n\t\t\t\t\t\t\t<a class=\"e-gallery-item elementor-gallery-item elementor-animated-content\" href=\"https:\/\/www.noveltycuines.com\/wp-content\/uploads\/2024\/02\/reforma-cocina-rustica-calafell-1.jpg\" data-elementor-open-lightbox=\"yes\" data-elementor-lightbox-slideshow=\"55268f7\" data-elementor-lightbox-title=\"reforma-cocina-rustica-calafell-1\" data-e-action-hash=\"#elementor-action%3Aaction%3Dlightbox%26settings%3DeyJpZCI6MzI0MSwidXJsIjoiaHR0cHM6XC9cL3d3dy5ub3ZlbHR5Y3VpbmVzLmNvbVwvd3AtY29udGVudFwvdXBsb2Fkc1wvMjAyNFwvMDJcL3JlZm9ybWEtY29jaW5hLXJ1c3RpY2EtY2FsYWZlbGwtMS5qcGciLCJzbGlkZXNob3ciOiI1NTI2OGY3In0%3D\">\n\t\t\t\t\t<div class=\"e-gallery-image elementor-gallery-item__image\" data-thumbnail=\"https:\/\/www.noveltycuines.com\/wp-content\/uploads\/2024\/02\/reforma-cocina-rustica-calafell-1.jpg\" data-width=\"800\" data-height=\"600\" aria-label=\"\" role=\"img\" ><\/div>\n\t\t\t\t\t\t\t\t\t\t\t<div class=\"elementor-gallery-item__overlay\"><\/div>\n\t\t\t\t\t\t\t\t\t\t\t\t\t\t<\/a>\n\t\t\t\t\t\t\t<a class=\"e-gallery-item elementor-gallery-item elementor-animated-content\" href=\"https:\/\/www.noveltycuines.com\/wp-content\/uploads\/2024\/02\/reforma-cocina-rustica-calafell-2.jpg\" data-elementor-open-lightbox=\"yes\" data-elementor-lightbox-slideshow=\"55268f7\" data-elementor-lightbox-title=\"reforma-cocina-rustica-calafell-2\" data-e-action-hash=\"#elementor-action%3Aaction%3Dlightbox%26settings%3DeyJpZCI6MzIzOSwidXJsIjoiaHR0cHM6XC9cL3d3dy5ub3ZlbHR5Y3VpbmVzLmNvbVwvd3AtY29udGVudFwvdXBsb2Fkc1wvMjAyNFwvMDJcL3JlZm9ybWEtY29jaW5hLXJ1c3RpY2EtY2FsYWZlbGwtMi5qcGciLCJzbGlkZXNob3ciOiI1NTI2OGY3In0%3D\">\n\t\t\t\t\t<div class=\"e-gallery-image elementor-gallery-item__image\" data-thumbnail=\"https:\/\/www.noveltycuines.com\/wp-content\/uploads\/2024\/02\/reforma-cocina-rustica-calafell-2.jpg\" data-width=\"800\" data-height=\"600\" aria-label=\"\" role=\"img\" ><\/div>\n\t\t\t\t\t\t\t\t\t\t\t<div class=\"elementor-gallery-item__overlay\"><\/div>\n\t\t\t\t\t\t\t\t\t\t\t\t\t\t<\/a>\n\t\t\t\t\t\t\t<a class=\"e-gallery-item elementor-gallery-item elementor-animated-content\" href=\"https:\/\/www.noveltycuines.com\/wp-content\/uploads\/2024\/02\/reforma-cocina-rustica-calafell-3.jpg\" data-elementor-open-lightbox=\"yes\" data-elementor-lightbox-slideshow=\"55268f7\" data-elementor-lightbox-title=\"reforma-cocina-rustica-calafell-3\" data-e-action-hash=\"#elementor-action%3Aaction%3Dlightbox%26settings%3DeyJpZCI6MzIzNywidXJsIjoiaHR0cHM6XC9cL3d3dy5ub3ZlbHR5Y3VpbmVzLmNvbVwvd3AtY29udGVudFwvdXBsb2Fkc1wvMjAyNFwvMDJcL3JlZm9ybWEtY29jaW5hLXJ1c3RpY2EtY2FsYWZlbGwtMy5qcGciLCJzbGlkZXNob3ciOiI1NTI2OGY3In0%3D\">\n\t\t\t\t\t<div class=\"e-gallery-image elementor-gallery-item__image\" data-thumbnail=\"https:\/\/www.noveltycuines.com\/wp-content\/uploads\/2024\/02\/reforma-cocina-rustica-calafell-3.jpg\" data-width=\"800\" data-height=\"600\" aria-label=\"\" role=\"img\" ><\/div>\n\t\t\t\t\t\t\t\t\t\t\t<div class=\"elementor-gallery-item__overlay\"><\/div>\n\t\t\t\t\t\t\t\t\t\t\t\t\t\t<\/a>\n\t\t\t\t\t\t\t<a class=\"e-gallery-item elementor-gallery-item elementor-animated-content\" href=\"https:\/\/www.noveltycuines.com\/wp-content\/uploads\/2024\/02\/reforma-cocina-rustica-calafell-4.jpg\" data-elementor-open-lightbox=\"yes\" data-elementor-lightbox-slideshow=\"55268f7\" data-elementor-lightbox-title=\"reforma-cocina-rustica-calafell-4\" data-e-action-hash=\"#elementor-action%3Aaction%3Dlightbox%26settings%3DeyJpZCI6MzIzNSwidXJsIjoiaHR0cHM6XC9cL3d3dy5ub3ZlbHR5Y3VpbmVzLmNvbVwvd3AtY29udGVudFwvdXBsb2Fkc1wvMjAyNFwvMDJcL3JlZm9ybWEtY29jaW5hLXJ1c3RpY2EtY2FsYWZlbGwtNC5qcGciLCJzbGlkZXNob3ciOiI1NTI2OGY3In0%3D\">\n\t\t\t\t\t<div class=\"e-gallery-image elementor-gallery-item__image\" data-thumbnail=\"https:\/\/www.noveltycuines.com\/wp-content\/uploads\/2024\/02\/reforma-cocina-rustica-calafell-4.jpg\" data-width=\"800\" data-height=\"600\" aria-label=\"\" role=\"img\" ><\/div>\n\t\t\t\t\t\t\t\t\t\t\t<div class=\"elementor-gallery-item__overlay\"><\/div>\n\t\t\t\t\t\t\t\t\t\t\t\t\t\t<\/a>\n\t\t\t\t\t\t\t<a class=\"e-gallery-item elementor-gallery-item elementor-animated-content\" href=\"https:\/\/www.noveltycuines.com\/wp-content\/uploads\/2024\/02\/reforma-cocina-rustica-calafell-5.jpg\" data-elementor-open-lightbox=\"yes\" data-elementor-lightbox-slideshow=\"55268f7\" data-elementor-lightbox-title=\"reforma-cocina-rustica-calafell-5\" data-e-action-hash=\"#elementor-action%3Aaction%3Dlightbox%26settings%3DeyJpZCI6MzIzMywidXJsIjoiaHR0cHM6XC9cL3d3dy5ub3ZlbHR5Y3VpbmVzLmNvbVwvd3AtY29udGVudFwvdXBsb2Fkc1wvMjAyNFwvMDJcL3JlZm9ybWEtY29jaW5hLXJ1c3RpY2EtY2FsYWZlbGwtNS5qcGciLCJzbGlkZXNob3ciOiI1NTI2OGY3In0%3D\">\n\t\t\t\t\t<div class=\"e-gallery-image elementor-gallery-item__image\" data-thumbnail=\"https:\/\/www.noveltycuines.com\/wp-content\/uploads\/2024\/02\/reforma-cocina-rustica-calafell-5.jpg\" data-width=\"800\" data-height=\"600\" aria-label=\"\" role=\"img\" ><\/div>\n\t\t\t\t\t\t\t\t\t\t\t<div class=\"elementor-gallery-item__overlay\"><\/div>\n\t\t\t\t\t\t\t\t\t\t\t\t\t\t<\/a>\n\t\t\t\t\t<\/div>\n\t\t\t\t\t<\/div>\n\t\t\t\t<\/div>\n\t\t\t\t\t<\/div>\n\t\t<\/div>\n\t\t\t\t\t<\/div>\n\t\t<\/section>\n\t\t\t\t<\/div>\n\t\t","protected":false},"featured_media":3242,"template":"","class_list":["post-6360","proyectos-de-reforma","type-proyectos-de-reforma","status-publish","has-post-thumbnail","hentry"],"acf":[],"yoast_head":"<!-- This site is optimized with the Yoast SEO plugin v27.5 - https:\/\/yoast.com\/product\/yoast-seo-wordpress\/ -->\n<title>Reforma de cuina r\u00fastica | Novelty Cuines<\/title>\n<meta name=\"description\" content=\"Cuina r\u00fastica amb el model de cuines Dica Arkadia, color blanc nata i rajoles de Neolith La Boheme\" \/>\n<meta name=\"robots\" content=\"index, follow, max-snippet:-1, max-image-preview:large, max-video-preview:-1\" \/>\n<link rel=\"canonical\" href=\"https:\/\/www.noveltycuines.com\/ca\/projectes-de-reforma\/reforma-de-cuina-rustica\/\" \/>\n<meta property=\"og:locale\" content=\"ca_ES\" \/>\n<meta property=\"og:type\" content=\"article\" \/>\n<meta property=\"og:title\" content=\"Reforma de cuina r\u00fastica | Novelty Cuines\" \/>\n<meta property=\"og:description\" content=\"Cuina r\u00fastica amb el model de cuines Dica Arkadia, color blanc nata i rajoles de Neolith La Boheme\" \/>\n<meta property=\"og:url\" content=\"https:\/\/www.noveltycuines.com\/ca\/projectes-de-reforma\/reforma-de-cuina-rustica\/\" \/>\n<meta property=\"og:site_name\" content=\"Novelty Cuines\" \/>\n<meta property=\"article:publisher\" content=\"https:\/\/www.facebook.com\/NoveltyCuines\" \/>\n<meta property=\"article:modified_time\" content=\"2024-07-05T09:56:12+00:00\" \/>\n<meta property=\"og:image\" content=\"https:\/\/www.noveltycuines.com\/wp-content\/uploads\/2024\/02\/reforma-cocina-rustica-calafell-1.jpg\" \/>\n\t<meta property=\"og:image:width\" content=\"800\" \/>\n\t<meta property=\"og:image:height\" content=\"600\" \/>\n\t<meta property=\"og:image:type\" content=\"image\/jpeg\" \/>\n<meta name=\"twitter:card\" content=\"summary_large_image\" \/>\n<meta name=\"twitter:label1\" content=\"Temps estimat de lectura\" \/>\n\t<meta name=\"twitter:data1\" content=\"1 minut\" \/>\n<script type=\"application\/ld+json\" class=\"yoast-schema-graph\">{\"@context\":\"https:\\\/\\\/schema.org\",\"@graph\":[{\"@type\":\"WebPage\",\"@id\":\"https:\\\/\\\/www.noveltycuines.com\\\/ca\\\/projectes-de-reforma\\\/reforma-de-cuina-rustica\\\/\",\"url\":\"https:\\\/\\\/www.noveltycuines.com\\\/ca\\\/projectes-de-reforma\\\/reforma-de-cuina-rustica\\\/\",\"name\":\"Reforma de cuina r\u00fastica | Novelty Cuines\",\"isPartOf\":{\"@id\":\"https:\\\/\\\/www.noveltycuines.com\\\/ca\\\/#website\"},\"primaryImageOfPage\":{\"@id\":\"https:\\\/\\\/www.noveltycuines.com\\\/ca\\\/projectes-de-reforma\\\/reforma-de-cuina-rustica\\\/#primaryimage\"},\"image\":{\"@id\":\"https:\\\/\\\/www.noveltycuines.com\\\/ca\\\/projectes-de-reforma\\\/reforma-de-cuina-rustica\\\/#primaryimage\"},\"thumbnailUrl\":\"https:\\\/\\\/www.noveltycuines.com\\\/wp-content\\\/uploads\\\/2024\\\/02\\\/reforma-cocina-rustica-calafell-1.jpg\",\"datePublished\":\"2024-07-02T09:48:37+00:00\",\"dateModified\":\"2024-07-05T09:56:12+00:00\",\"description\":\"Cuina r\u00fastica amb el model de cuines Dica Arkadia, color blanc nata i rajoles de Neolith La Boheme\",\"breadcrumb\":{\"@id\":\"https:\\\/\\\/www.noveltycuines.com\\\/ca\\\/projectes-de-reforma\\\/reforma-de-cuina-rustica\\\/#breadcrumb\"},\"inLanguage\":\"ca\",\"potentialAction\":[{\"@type\":\"ReadAction\",\"target\":[\"https:\\\/\\\/www.noveltycuines.com\\\/ca\\\/projectes-de-reforma\\\/reforma-de-cuina-rustica\\\/\"]}]},{\"@type\":\"ImageObject\",\"inLanguage\":\"ca\",\"@id\":\"https:\\\/\\\/www.noveltycuines.com\\\/ca\\\/projectes-de-reforma\\\/reforma-de-cuina-rustica\\\/#primaryimage\",\"url\":\"https:\\\/\\\/www.noveltycuines.com\\\/wp-content\\\/uploads\\\/2024\\\/02\\\/reforma-cocina-rustica-calafell-1.jpg\",\"contentUrl\":\"https:\\\/\\\/www.noveltycuines.com\\\/wp-content\\\/uploads\\\/2024\\\/02\\\/reforma-cocina-rustica-calafell-1.jpg\",\"width\":800,\"height\":600},{\"@type\":\"BreadcrumbList\",\"@id\":\"https:\\\/\\\/www.noveltycuines.com\\\/ca\\\/projectes-de-reforma\\\/reforma-de-cuina-rustica\\\/#breadcrumb\",\"itemListElement\":[{\"@type\":\"ListItem\",\"position\":1,\"name\":\"Portada\",\"item\":\"https:\\\/\\\/www.noveltycuines.com\\\/ca\\\/\"},{\"@type\":\"ListItem\",\"position\":2,\"name\":\"Reforma de cuina r\u00fastica\"}]},{\"@type\":\"WebSite\",\"@id\":\"https:\\\/\\\/www.noveltycuines.com\\\/ca\\\/#website\",\"url\":\"https:\\\/\\\/www.noveltycuines.com\\\/ca\\\/\",\"name\":\"Novelty\",\"description\":\"Tienda muebles de cocina y ba\u00f1o, reformas integrales e interiorismo.\",\"publisher\":{\"@id\":\"https:\\\/\\\/www.noveltycuines.com\\\/ca\\\/#organization\"},\"alternateName\":\"Novelty\",\"potentialAction\":[{\"@type\":\"SearchAction\",\"target\":{\"@type\":\"EntryPoint\",\"urlTemplate\":\"https:\\\/\\\/www.noveltycuines.com\\\/ca\\\/?s={search_term_string}\"},\"query-input\":{\"@type\":\"PropertyValueSpecification\",\"valueRequired\":true,\"valueName\":\"search_term_string\"}}],\"inLanguage\":\"ca\"},{\"@type\":\"Organization\",\"@id\":\"https:\\\/\\\/www.noveltycuines.com\\\/ca\\\/#organization\",\"name\":\"Novelty\",\"alternateName\":\"Novelty\",\"url\":\"https:\\\/\\\/www.noveltycuines.com\\\/ca\\\/\",\"logo\":{\"@type\":\"ImageObject\",\"inLanguage\":\"ca\",\"@id\":\"https:\\\/\\\/www.noveltycuines.com\\\/ca\\\/#\\\/schema\\\/logo\\\/image\\\/\",\"url\":\"https:\\\/\\\/www.noveltycuines.com\\\/wp-content\\\/uploads\\\/2024\\\/02\\\/logo-yoast.png\",\"contentUrl\":\"https:\\\/\\\/www.noveltycuines.com\\\/wp-content\\\/uploads\\\/2024\\\/02\\\/logo-yoast.png\",\"width\":600,\"height\":600,\"caption\":\"Novelty\"},\"image\":{\"@id\":\"https:\\\/\\\/www.noveltycuines.com\\\/ca\\\/#\\\/schema\\\/logo\\\/image\\\/\"},\"sameAs\":[\"https:\\\/\\\/www.facebook.com\\\/NoveltyCuines\",\"https:\\\/\\\/www.instagram.com\\\/noveltycuines\\\/\"]}]}<\/script>\n<!-- \/ Yoast SEO plugin. -->","yoast_head_json":{"title":"Reforma de cuina r\u00fastica | Novelty Cuines","description":"Cuina r\u00fastica amb el model de cuines Dica Arkadia, color blanc nata i rajoles de Neolith La Boheme","robots":{"index":"index","follow":"follow","max-snippet":"max-snippet:-1","max-image-preview":"max-image-preview:large","max-video-preview":"max-video-preview:-1"},"canonical":"https:\/\/www.noveltycuines.com\/ca\/projectes-de-reforma\/reforma-de-cuina-rustica\/","og_locale":"ca_ES","og_type":"article","og_title":"Reforma de cuina r\u00fastica | Novelty Cuines","og_description":"Cuina r\u00fastica amb el model de cuines Dica Arkadia, color blanc nata i rajoles de Neolith La Boheme","og_url":"https:\/\/www.noveltycuines.com\/ca\/projectes-de-reforma\/reforma-de-cuina-rustica\/","og_site_name":"Novelty Cuines","article_publisher":"https:\/\/www.facebook.com\/NoveltyCuines","article_modified_time":"2024-07-05T09:56:12+00:00","og_image":[{"width":800,"height":600,"url":"https:\/\/www.noveltycuines.com\/wp-content\/uploads\/2024\/02\/reforma-cocina-rustica-calafell-1.jpg","type":"image\/jpeg"}],"twitter_card":"summary_large_image","twitter_misc":{"Temps estimat de lectura":"1 minut"},"schema":{"@context":"https:\/\/schema.org","@graph":[{"@type":"WebPage","@id":"https:\/\/www.noveltycuines.com\/ca\/projectes-de-reforma\/reforma-de-cuina-rustica\/","url":"https:\/\/www.noveltycuines.com\/ca\/projectes-de-reforma\/reforma-de-cuina-rustica\/","name":"Reforma de cuina r\u00fastica | Novelty Cuines","isPartOf":{"@id":"https:\/\/www.noveltycuines.com\/ca\/#website"},"primaryImageOfPage":{"@id":"https:\/\/www.noveltycuines.com\/ca\/projectes-de-reforma\/reforma-de-cuina-rustica\/#primaryimage"},"image":{"@id":"https:\/\/www.noveltycuines.com\/ca\/projectes-de-reforma\/reforma-de-cuina-rustica\/#primaryimage"},"thumbnailUrl":"https:\/\/www.noveltycuines.com\/wp-content\/uploads\/2024\/02\/reforma-cocina-rustica-calafell-1.jpg","datePublished":"2024-07-02T09:48:37+00:00","dateModified":"2024-07-05T09:56:12+00:00","description":"Cuina r\u00fastica amb el model de cuines Dica Arkadia, color blanc nata i rajoles de Neolith La Boheme","breadcrumb":{"@id":"https:\/\/www.noveltycuines.com\/ca\/projectes-de-reforma\/reforma-de-cuina-rustica\/#breadcrumb"},"inLanguage":"ca","potentialAction":[{"@type":"ReadAction","target":["https:\/\/www.noveltycuines.com\/ca\/projectes-de-reforma\/reforma-de-cuina-rustica\/"]}]},{"@type":"ImageObject","inLanguage":"ca","@id":"https:\/\/www.noveltycuines.com\/ca\/projectes-de-reforma\/reforma-de-cuina-rustica\/#primaryimage","url":"https:\/\/www.noveltycuines.com\/wp-content\/uploads\/2024\/02\/reforma-cocina-rustica-calafell-1.jpg","contentUrl":"https:\/\/www.noveltycuines.com\/wp-content\/uploads\/2024\/02\/reforma-cocina-rustica-calafell-1.jpg","width":800,"height":600},{"@type":"BreadcrumbList","@id":"https:\/\/www.noveltycuines.com\/ca\/projectes-de-reforma\/reforma-de-cuina-rustica\/#breadcrumb","itemListElement":[{"@type":"ListItem","position":1,"name":"Portada","item":"https:\/\/www.noveltycuines.com\/ca\/"},{"@type":"ListItem","position":2,"name":"Reforma de cuina r\u00fastica"}]},{"@type":"WebSite","@id":"https:\/\/www.noveltycuines.com\/ca\/#website","url":"https:\/\/www.noveltycuines.com\/ca\/","name":"Novelty","description":"Tienda muebles de cocina y ba\u00f1o, reformas integrales e interiorismo.","publisher":{"@id":"https:\/\/www.noveltycuines.com\/ca\/#organization"},"alternateName":"Novelty","potentialAction":[{"@type":"SearchAction","target":{"@type":"EntryPoint","urlTemplate":"https:\/\/www.noveltycuines.com\/ca\/?s={search_term_string}"},"query-input":{"@type":"PropertyValueSpecification","valueRequired":true,"valueName":"search_term_string"}}],"inLanguage":"ca"},{"@type":"Organization","@id":"https:\/\/www.noveltycuines.com\/ca\/#organization","name":"Novelty","alternateName":"Novelty","url":"https:\/\/www.noveltycuines.com\/ca\/","logo":{"@type":"ImageObject","inLanguage":"ca","@id":"https:\/\/www.noveltycuines.com\/ca\/#\/schema\/logo\/image\/","url":"https:\/\/www.noveltycuines.com\/wp-content\/uploads\/2024\/02\/logo-yoast.png","contentUrl":"https:\/\/www.noveltycuines.com\/wp-content\/uploads\/2024\/02\/logo-yoast.png","width":600,"height":600,"caption":"Novelty"},"image":{"@id":"https:\/\/www.noveltycuines.com\/ca\/#\/schema\/logo\/image\/"},"sameAs":["https:\/\/www.facebook.com\/NoveltyCuines","https:\/\/www.instagram.com\/noveltycuines\/"]}]}},"_links":{"self":[{"href":"https:\/\/www.noveltycuines.com\/ca\/wp-json\/wp\/v2\/proyectos-de-reforma\/6360","targetHints":{"allow":["GET"]}}],"collection":[{"href":"https:\/\/www.noveltycuines.com\/ca\/wp-json\/wp\/v2\/proyectos-de-reforma"}],"about":[{"href":"https:\/\/www.noveltycuines.com\/ca\/wp-json\/wp\/v2\/types\/proyectos-de-reforma"}],"version-history":[{"count":0,"href":"https:\/\/www.noveltycuines.com\/ca\/wp-json\/wp\/v2\/proyectos-de-reforma\/6360\/revisions"}],"wp:featuredmedia":[{"embeddable":true,"href":"https:\/\/www.noveltycuines.com\/ca\/wp-json\/wp\/v2\/media\/3242"}],"wp:attachment":[{"href":"https:\/\/www.noveltycuines.com\/ca\/wp-json\/wp\/v2\/media?parent=6360"}],"curies":[{"name":"wp","href":"https:\/\/api.w.org\/{rel}","templated":true}]}}