{"id":6356,"date":"2024-07-02T12:01:06","date_gmt":"2024-07-02T10:01:06","guid":{"rendered":"https:\/\/www.noveltycuines.com\/proyectos-de-reforma\/reforma-integral-elementos-rusticos-y-modernos\/"},"modified":"2024-07-05T09:22:07","modified_gmt":"2024-07-05T07:22:07","slug":"reforma-integral-elements-rustics-i-moderns","status":"publish","type":"proyectos-de-reforma","link":"https:\/\/www.noveltycuines.com\/ca\/projectes-de-reforma\/reforma-integral-elements-rustics-i-moderns\/","title":{"rendered":"Reforma integral amb elements r\u00fastics i moderns"},"content":{"rendered":"\t\t<div data-elementor-type=\"wp-post\" data-elementor-id=\"6356\" class=\"elementor elementor-6356 elementor-6213\" data-elementor-post-type=\"proyectos-de-reforma\">\n\t\t\t\t\t\t<section class=\"elementor-section elementor-top-section elementor-element elementor-element-0519a2f elementor-section-boxed elementor-section-height-default elementor-section-height-default\" data-id=\"0519a2f\" data-element_type=\"section\" data-e-type=\"section\">\n\t\t\t\t\t\t<div class=\"elementor-container elementor-column-gap-default\">\n\t\t\t\t\t<div class=\"elementor-column elementor-col-33 elementor-top-column elementor-element elementor-element-6595897\" data-id=\"6595897\" data-element_type=\"column\" data-e-type=\"column\">\n\t\t\t<div class=\"elementor-widget-wrap elementor-element-populated\">\n\t\t\t\t\t\t<div class=\"elementor-element elementor-element-05cb396 elementor-widget elementor-widget-heading\" data-id=\"05cb396\" data-element_type=\"widget\" data-e-type=\"widget\" data-widget_type=\"heading.default\">\n\t\t\t\t<div class=\"elementor-widget-container\">\n\t\t\t\t\t<p class=\"elementor-heading-title elementor-size-default\">Projectes<\/p>\t\t\t\t<\/div>\n\t\t\t\t<\/div>\n\t\t\t\t<div class=\"elementor-element elementor-element-c276eb4 elementor-widget elementor-widget-heading\" data-id=\"c276eb4\" data-element_type=\"widget\" data-e-type=\"widget\" data-widget_type=\"heading.default\">\n\t\t\t\t<div class=\"elementor-widget-container\">\n\t\t\t\t\t<h1 class=\"elementor-heading-title elementor-size-default\">Reforma integral amb elements r\u00fastics i moderns<\/h1>\t\t\t\t<\/div>\n\t\t\t\t<\/div>\n\t\t\t\t\t<\/div>\n\t\t<\/div>\n\t\t\t\t<div class=\"elementor-column elementor-col-66 elementor-top-column elementor-element elementor-element-f897b67\" data-id=\"f897b67\" data-element_type=\"column\" data-e-type=\"column\">\n\t\t\t<div class=\"elementor-widget-wrap elementor-element-populated\">\n\t\t\t\t\t\t<div class=\"elementor-element elementor-element-9487c75 elementor-widget elementor-widget-text-editor\" data-id=\"9487c75\" data-element_type=\"widget\" data-e-type=\"widget\" data-widget_type=\"text-editor.default\">\n\t\t\t\t<div class=\"elementor-widget-container\">\n\t\t\t\t\t\t\t\t\tQuan s&#8217;uneixen elements r\u00fastics amb elements moderns\n\nCol\u00b7laboraci\u00f3 de reforma integral realitzada a Calafell amb l&#8217;estudi d&#8217;arquitectura \u201cOrriols Arquitectes\u201d, reformant un pis antic i combinant elements existents amb elements nous.\n\nIntegraci\u00f3 perfecta del terra hidr\u00e0ulic existent, restauraci\u00f3 de les portes antigues, parets sorrejades, etc.\n\nMobles de cuina Dica color pedra amb tirador, Silestone Unsu\u00ed, Campana Gutmann acompanyada d&#8217;una estructura met\u00e0l\u00b7lica dissenyada pel mateix estudi d&#8217;arquitectura, i electrodom\u00e8stics Smeg.\t\t\t\t\t\t\t\t<\/div>\n\t\t\t\t<\/div>\n\t\t\t\t\t<\/div>\n\t\t<\/div>\n\t\t\t\t\t<\/div>\n\t\t<\/section>\n\t\t\t\t<section class=\"elementor-section elementor-top-section elementor-element elementor-element-2f1be4c elementor-section-full_width elementor-section-height-default elementor-section-height-default\" data-id=\"2f1be4c\" data-element_type=\"section\" data-e-type=\"section\">\n\t\t\t\t\t\t<div class=\"elementor-container elementor-column-gap-default\">\n\t\t\t\t\t<div class=\"elementor-column elementor-col-100 elementor-top-column elementor-element elementor-element-7d221df\" data-id=\"7d221df\" data-element_type=\"column\" data-e-type=\"column\">\n\t\t\t<div class=\"elementor-widget-wrap elementor-element-populated\">\n\t\t\t\t\t\t<div class=\"elementor-element elementor-element-f2b4294 elementor-widget elementor-widget-gallery\" data-id=\"f2b4294\" data-element_type=\"widget\" data-e-type=\"widget\" data-settings=\"{&quot;gallery_layout&quot;:&quot;masonry&quot;,&quot;columns&quot;:3,&quot;gap&quot;:{&quot;unit&quot;:&quot;px&quot;,&quot;size&quot;:42,&quot;sizes&quot;:[]},&quot;lazyload&quot;:&quot;yes&quot;,&quot;columns_tablet&quot;:2,&quot;columns_mobile&quot;:1,&quot;gap_tablet&quot;:{&quot;unit&quot;:&quot;px&quot;,&quot;size&quot;:10,&quot;sizes&quot;:[]},&quot;gap_mobile&quot;:{&quot;unit&quot;:&quot;px&quot;,&quot;size&quot;:10,&quot;sizes&quot;:[]},&quot;link_to&quot;:&quot;file&quot;,&quot;overlay_background&quot;:&quot;yes&quot;,&quot;content_hover_animation&quot;:&quot;fade-in&quot;}\" data-widget_type=\"gallery.default\">\n\t\t\t\t<div class=\"elementor-widget-container\">\n\t\t\t\t\t\t\t<div class=\"elementor-gallery__container\">\n\t\t\t\t\t\t\t<a class=\"e-gallery-item elementor-gallery-item elementor-animated-content\" href=\"https:\/\/www.noveltycuines.com\/wp-content\/uploads\/2024\/02\/reforma-mobles-cuina-sant-pere-de-ribes-1.jpg\" data-elementor-open-lightbox=\"yes\" data-elementor-lightbox-slideshow=\"f2b4294\" data-elementor-lightbox-title=\"reforma-mobles-cuina-sant-pere-de-ribes-1\" data-e-action-hash=\"#elementor-action%3Aaction%3Dlightbox%26settings%3DeyJpZCI6MzI4MCwidXJsIjoiaHR0cHM6XC9cL3d3dy5ub3ZlbHR5Y3VpbmVzLmNvbVwvd3AtY29udGVudFwvdXBsb2Fkc1wvMjAyNFwvMDJcL3JlZm9ybWEtbW9ibGVzLWN1aW5hLXNhbnQtcGVyZS1kZS1yaWJlcy0xLmpwZyIsInNsaWRlc2hvdyI6ImYyYjQyOTQifQ%3D%3D\">\n\t\t\t\t\t<div class=\"e-gallery-image elementor-gallery-item__image\" data-thumbnail=\"https:\/\/www.noveltycuines.com\/wp-content\/uploads\/2024\/02\/reforma-mobles-cuina-sant-pere-de-ribes-1.jpg\" data-width=\"800\" data-height=\"450\" aria-label=\"\" role=\"img\" ><\/div>\n\t\t\t\t\t\t\t\t\t\t\t<div class=\"elementor-gallery-item__overlay\"><\/div>\n\t\t\t\t\t\t\t\t\t\t\t\t\t\t<\/a>\n\t\t\t\t\t\t\t<a class=\"e-gallery-item elementor-gallery-item elementor-animated-content\" href=\"https:\/\/www.noveltycuines.com\/wp-content\/uploads\/2024\/02\/reforma-mobles-cuina-sant-pere-de-ribes-2.jpg\" data-elementor-open-lightbox=\"yes\" data-elementor-lightbox-slideshow=\"f2b4294\" data-elementor-lightbox-title=\"reforma-mobles-cuina-sant-pere-de-ribes-2\" data-e-action-hash=\"#elementor-action%3Aaction%3Dlightbox%26settings%3DeyJpZCI6MzI4MiwidXJsIjoiaHR0cHM6XC9cL3d3dy5ub3ZlbHR5Y3VpbmVzLmNvbVwvd3AtY29udGVudFwvdXBsb2Fkc1wvMjAyNFwvMDJcL3JlZm9ybWEtbW9ibGVzLWN1aW5hLXNhbnQtcGVyZS1kZS1yaWJlcy0yLmpwZyIsInNsaWRlc2hvdyI6ImYyYjQyOTQifQ%3D%3D\">\n\t\t\t\t\t<div class=\"e-gallery-image elementor-gallery-item__image\" data-thumbnail=\"https:\/\/www.noveltycuines.com\/wp-content\/uploads\/2024\/02\/reforma-mobles-cuina-sant-pere-de-ribes-2.jpg\" data-width=\"800\" data-height=\"450\" aria-label=\"\" role=\"img\" ><\/div>\n\t\t\t\t\t\t\t\t\t\t\t<div class=\"elementor-gallery-item__overlay\"><\/div>\n\t\t\t\t\t\t\t\t\t\t\t\t\t\t<\/a>\n\t\t\t\t\t\t\t<a class=\"e-gallery-item elementor-gallery-item elementor-animated-content\" href=\"https:\/\/www.noveltycuines.com\/wp-content\/uploads\/2024\/02\/reforma-mobles-cuina-sant-pere-de-ribes-3.jpg\" data-elementor-open-lightbox=\"yes\" data-elementor-lightbox-slideshow=\"f2b4294\" data-elementor-lightbox-title=\"reforma-mobles-cuina-sant-pere-de-ribes-3\" data-e-action-hash=\"#elementor-action%3Aaction%3Dlightbox%26settings%3DeyJpZCI6MzI4NCwidXJsIjoiaHR0cHM6XC9cL3d3dy5ub3ZlbHR5Y3VpbmVzLmNvbVwvd3AtY29udGVudFwvdXBsb2Fkc1wvMjAyNFwvMDJcL3JlZm9ybWEtbW9ibGVzLWN1aW5hLXNhbnQtcGVyZS1kZS1yaWJlcy0zLmpwZyIsInNsaWRlc2hvdyI6ImYyYjQyOTQifQ%3D%3D\">\n\t\t\t\t\t<div class=\"e-gallery-image elementor-gallery-item__image\" data-thumbnail=\"https:\/\/www.noveltycuines.com\/wp-content\/uploads\/2024\/02\/reforma-mobles-cuina-sant-pere-de-ribes-3.jpg\" data-width=\"338\" data-height=\"600\" aria-label=\"\" role=\"img\" ><\/div>\n\t\t\t\t\t\t\t\t\t\t\t<div class=\"elementor-gallery-item__overlay\"><\/div>\n\t\t\t\t\t\t\t\t\t\t\t\t\t\t<\/a>\n\t\t\t\t\t<\/div>\n\t\t\t\t\t<\/div>\n\t\t\t\t<\/div>\n\t\t\t\t\t<\/div>\n\t\t<\/div>\n\t\t\t\t\t<\/div>\n\t\t<\/section>\n\t\t\t\t<\/div>\n\t\t","protected":false},"featured_media":1518,"template":"","class_list":["post-6356","proyectos-de-reforma","type-proyectos-de-reforma","status-publish","has-post-thumbnail","hentry"],"acf":[],"yoast_head":"<!-- This site is optimized with the Yoast SEO plugin v27.5 - https:\/\/yoast.com\/product\/yoast-seo-wordpress\/ -->\n<title>Reforma integral amb elements r\u00fastics i moderns | Novelty Cuines<\/title>\n<meta name=\"description\" content=\"Col\u00b7laboraci\u00f3 de reforma integral d&#039;un pis antic realitzada amb l&#039;estudi d&#039;arquitectura &quot;Orriols Arquitectes&quot;.\" \/>\n<meta name=\"robots\" content=\"index, follow, max-snippet:-1, max-image-preview:large, max-video-preview:-1\" \/>\n<link rel=\"canonical\" href=\"https:\/\/www.noveltycuines.com\/ca\/projectes-de-reforma\/reforma-integral-elements-rustics-i-moderns\/\" \/>\n<meta property=\"og:locale\" content=\"ca_ES\" \/>\n<meta property=\"og:type\" content=\"article\" \/>\n<meta property=\"og:title\" content=\"Reforma integral amb elements r\u00fastics i moderns | Novelty Cuines\" \/>\n<meta property=\"og:description\" content=\"Col\u00b7laboraci\u00f3 de reforma integral d&#039;un pis antic realitzada amb l&#039;estudi d&#039;arquitectura &quot;Orriols Arquitectes&quot;.\" \/>\n<meta property=\"og:url\" content=\"https:\/\/www.noveltycuines.com\/ca\/projectes-de-reforma\/reforma-integral-elements-rustics-i-moderns\/\" \/>\n<meta property=\"og:site_name\" content=\"Novelty Cuines\" \/>\n<meta property=\"article:publisher\" content=\"https:\/\/www.facebook.com\/NoveltyCuines\" \/>\n<meta property=\"article:modified_time\" content=\"2024-07-05T07:22:07+00:00\" \/>\n<meta property=\"og:image\" content=\"https:\/\/www.noveltycuines.com\/wp-content\/uploads\/2024\/01\/integral.webp\" \/>\n\t<meta property=\"og:image:width\" content=\"800\" \/>\n\t<meta property=\"og:image:height\" content=\"450\" \/>\n\t<meta property=\"og:image:type\" content=\"image\/webp\" \/>\n<meta name=\"twitter:card\" content=\"summary_large_image\" \/>\n<meta name=\"twitter:label1\" content=\"Temps estimat de lectura\" \/>\n\t<meta name=\"twitter:data1\" content=\"1 minut\" \/>\n<script type=\"application\/ld+json\" class=\"yoast-schema-graph\">{\"@context\":\"https:\\\/\\\/schema.org\",\"@graph\":[{\"@type\":\"WebPage\",\"@id\":\"https:\\\/\\\/www.noveltycuines.com\\\/ca\\\/projectes-de-reforma\\\/reforma-integral-elements-rustics-i-moderns\\\/\",\"url\":\"https:\\\/\\\/www.noveltycuines.com\\\/ca\\\/projectes-de-reforma\\\/reforma-integral-elements-rustics-i-moderns\\\/\",\"name\":\"Reforma integral amb elements r\u00fastics i moderns | Novelty Cuines\",\"isPartOf\":{\"@id\":\"https:\\\/\\\/www.noveltycuines.com\\\/ca\\\/#website\"},\"primaryImageOfPage\":{\"@id\":\"https:\\\/\\\/www.noveltycuines.com\\\/ca\\\/projectes-de-reforma\\\/reforma-integral-elements-rustics-i-moderns\\\/#primaryimage\"},\"image\":{\"@id\":\"https:\\\/\\\/www.noveltycuines.com\\\/ca\\\/projectes-de-reforma\\\/reforma-integral-elements-rustics-i-moderns\\\/#primaryimage\"},\"thumbnailUrl\":\"https:\\\/\\\/www.noveltycuines.com\\\/wp-content\\\/uploads\\\/2024\\\/01\\\/integral.webp\",\"datePublished\":\"2024-07-02T10:01:06+00:00\",\"dateModified\":\"2024-07-05T07:22:07+00:00\",\"description\":\"Col\u00b7laboraci\u00f3 de reforma integral d'un pis antic realitzada amb l'estudi d'arquitectura \\\"Orriols Arquitectes\\\".\",\"breadcrumb\":{\"@id\":\"https:\\\/\\\/www.noveltycuines.com\\\/ca\\\/projectes-de-reforma\\\/reforma-integral-elements-rustics-i-moderns\\\/#breadcrumb\"},\"inLanguage\":\"ca\",\"potentialAction\":[{\"@type\":\"ReadAction\",\"target\":[\"https:\\\/\\\/www.noveltycuines.com\\\/ca\\\/projectes-de-reforma\\\/reforma-integral-elements-rustics-i-moderns\\\/\"]}]},{\"@type\":\"ImageObject\",\"inLanguage\":\"ca\",\"@id\":\"https:\\\/\\\/www.noveltycuines.com\\\/ca\\\/projectes-de-reforma\\\/reforma-integral-elements-rustics-i-moderns\\\/#primaryimage\",\"url\":\"https:\\\/\\\/www.noveltycuines.com\\\/wp-content\\\/uploads\\\/2024\\\/01\\\/integral.webp\",\"contentUrl\":\"https:\\\/\\\/www.noveltycuines.com\\\/wp-content\\\/uploads\\\/2024\\\/01\\\/integral.webp\",\"width\":800,\"height\":450,\"caption\":\"Cocina Novelty Cocinas\"},{\"@type\":\"BreadcrumbList\",\"@id\":\"https:\\\/\\\/www.noveltycuines.com\\\/ca\\\/projectes-de-reforma\\\/reforma-integral-elements-rustics-i-moderns\\\/#breadcrumb\",\"itemListElement\":[{\"@type\":\"ListItem\",\"position\":1,\"name\":\"Portada\",\"item\":\"https:\\\/\\\/www.noveltycuines.com\\\/ca\\\/\"},{\"@type\":\"ListItem\",\"position\":2,\"name\":\"Reforma integral amb elements r\u00fastics i moderns\"}]},{\"@type\":\"WebSite\",\"@id\":\"https:\\\/\\\/www.noveltycuines.com\\\/ca\\\/#website\",\"url\":\"https:\\\/\\\/www.noveltycuines.com\\\/ca\\\/\",\"name\":\"Novelty\",\"description\":\"Tienda muebles de cocina y ba\u00f1o, reformas integrales e interiorismo.\",\"publisher\":{\"@id\":\"https:\\\/\\\/www.noveltycuines.com\\\/ca\\\/#organization\"},\"alternateName\":\"Novelty\",\"potentialAction\":[{\"@type\":\"SearchAction\",\"target\":{\"@type\":\"EntryPoint\",\"urlTemplate\":\"https:\\\/\\\/www.noveltycuines.com\\\/ca\\\/?s={search_term_string}\"},\"query-input\":{\"@type\":\"PropertyValueSpecification\",\"valueRequired\":true,\"valueName\":\"search_term_string\"}}],\"inLanguage\":\"ca\"},{\"@type\":\"Organization\",\"@id\":\"https:\\\/\\\/www.noveltycuines.com\\\/ca\\\/#organization\",\"name\":\"Novelty\",\"alternateName\":\"Novelty\",\"url\":\"https:\\\/\\\/www.noveltycuines.com\\\/ca\\\/\",\"logo\":{\"@type\":\"ImageObject\",\"inLanguage\":\"ca\",\"@id\":\"https:\\\/\\\/www.noveltycuines.com\\\/ca\\\/#\\\/schema\\\/logo\\\/image\\\/\",\"url\":\"https:\\\/\\\/www.noveltycuines.com\\\/wp-content\\\/uploads\\\/2024\\\/02\\\/logo-yoast.png\",\"contentUrl\":\"https:\\\/\\\/www.noveltycuines.com\\\/wp-content\\\/uploads\\\/2024\\\/02\\\/logo-yoast.png\",\"width\":600,\"height\":600,\"caption\":\"Novelty\"},\"image\":{\"@id\":\"https:\\\/\\\/www.noveltycuines.com\\\/ca\\\/#\\\/schema\\\/logo\\\/image\\\/\"},\"sameAs\":[\"https:\\\/\\\/www.facebook.com\\\/NoveltyCuines\",\"https:\\\/\\\/www.instagram.com\\\/noveltycuines\\\/\"]}]}<\/script>\n<!-- \/ Yoast SEO plugin. -->","yoast_head_json":{"title":"Reforma integral amb elements r\u00fastics i moderns | Novelty Cuines","description":"Col\u00b7laboraci\u00f3 de reforma integral d'un pis antic realitzada amb l'estudi d'arquitectura \"Orriols Arquitectes\".","robots":{"index":"index","follow":"follow","max-snippet":"max-snippet:-1","max-image-preview":"max-image-preview:large","max-video-preview":"max-video-preview:-1"},"canonical":"https:\/\/www.noveltycuines.com\/ca\/projectes-de-reforma\/reforma-integral-elements-rustics-i-moderns\/","og_locale":"ca_ES","og_type":"article","og_title":"Reforma integral amb elements r\u00fastics i moderns | Novelty Cuines","og_description":"Col\u00b7laboraci\u00f3 de reforma integral d'un pis antic realitzada amb l'estudi d'arquitectura \"Orriols Arquitectes\".","og_url":"https:\/\/www.noveltycuines.com\/ca\/projectes-de-reforma\/reforma-integral-elements-rustics-i-moderns\/","og_site_name":"Novelty Cuines","article_publisher":"https:\/\/www.facebook.com\/NoveltyCuines","article_modified_time":"2024-07-05T07:22:07+00:00","og_image":[{"width":800,"height":450,"url":"https:\/\/www.noveltycuines.com\/wp-content\/uploads\/2024\/01\/integral.webp","type":"image\/webp"}],"twitter_card":"summary_large_image","twitter_misc":{"Temps estimat de lectura":"1 minut"},"schema":{"@context":"https:\/\/schema.org","@graph":[{"@type":"WebPage","@id":"https:\/\/www.noveltycuines.com\/ca\/projectes-de-reforma\/reforma-integral-elements-rustics-i-moderns\/","url":"https:\/\/www.noveltycuines.com\/ca\/projectes-de-reforma\/reforma-integral-elements-rustics-i-moderns\/","name":"Reforma integral amb elements r\u00fastics i moderns | Novelty Cuines","isPartOf":{"@id":"https:\/\/www.noveltycuines.com\/ca\/#website"},"primaryImageOfPage":{"@id":"https:\/\/www.noveltycuines.com\/ca\/projectes-de-reforma\/reforma-integral-elements-rustics-i-moderns\/#primaryimage"},"image":{"@id":"https:\/\/www.noveltycuines.com\/ca\/projectes-de-reforma\/reforma-integral-elements-rustics-i-moderns\/#primaryimage"},"thumbnailUrl":"https:\/\/www.noveltycuines.com\/wp-content\/uploads\/2024\/01\/integral.webp","datePublished":"2024-07-02T10:01:06+00:00","dateModified":"2024-07-05T07:22:07+00:00","description":"Col\u00b7laboraci\u00f3 de reforma integral d'un pis antic realitzada amb l'estudi d'arquitectura \"Orriols Arquitectes\".","breadcrumb":{"@id":"https:\/\/www.noveltycuines.com\/ca\/projectes-de-reforma\/reforma-integral-elements-rustics-i-moderns\/#breadcrumb"},"inLanguage":"ca","potentialAction":[{"@type":"ReadAction","target":["https:\/\/www.noveltycuines.com\/ca\/projectes-de-reforma\/reforma-integral-elements-rustics-i-moderns\/"]}]},{"@type":"ImageObject","inLanguage":"ca","@id":"https:\/\/www.noveltycuines.com\/ca\/projectes-de-reforma\/reforma-integral-elements-rustics-i-moderns\/#primaryimage","url":"https:\/\/www.noveltycuines.com\/wp-content\/uploads\/2024\/01\/integral.webp","contentUrl":"https:\/\/www.noveltycuines.com\/wp-content\/uploads\/2024\/01\/integral.webp","width":800,"height":450,"caption":"Cocina Novelty Cocinas"},{"@type":"BreadcrumbList","@id":"https:\/\/www.noveltycuines.com\/ca\/projectes-de-reforma\/reforma-integral-elements-rustics-i-moderns\/#breadcrumb","itemListElement":[{"@type":"ListItem","position":1,"name":"Portada","item":"https:\/\/www.noveltycuines.com\/ca\/"},{"@type":"ListItem","position":2,"name":"Reforma integral amb elements r\u00fastics i moderns"}]},{"@type":"WebSite","@id":"https:\/\/www.noveltycuines.com\/ca\/#website","url":"https:\/\/www.noveltycuines.com\/ca\/","name":"Novelty","description":"Tienda muebles de cocina y ba\u00f1o, reformas integrales e interiorismo.","publisher":{"@id":"https:\/\/www.noveltycuines.com\/ca\/#organization"},"alternateName":"Novelty","potentialAction":[{"@type":"SearchAction","target":{"@type":"EntryPoint","urlTemplate":"https:\/\/www.noveltycuines.com\/ca\/?s={search_term_string}"},"query-input":{"@type":"PropertyValueSpecification","valueRequired":true,"valueName":"search_term_string"}}],"inLanguage":"ca"},{"@type":"Organization","@id":"https:\/\/www.noveltycuines.com\/ca\/#organization","name":"Novelty","alternateName":"Novelty","url":"https:\/\/www.noveltycuines.com\/ca\/","logo":{"@type":"ImageObject","inLanguage":"ca","@id":"https:\/\/www.noveltycuines.com\/ca\/#\/schema\/logo\/image\/","url":"https:\/\/www.noveltycuines.com\/wp-content\/uploads\/2024\/02\/logo-yoast.png","contentUrl":"https:\/\/www.noveltycuines.com\/wp-content\/uploads\/2024\/02\/logo-yoast.png","width":600,"height":600,"caption":"Novelty"},"image":{"@id":"https:\/\/www.noveltycuines.com\/ca\/#\/schema\/logo\/image\/"},"sameAs":["https:\/\/www.facebook.com\/NoveltyCuines","https:\/\/www.instagram.com\/noveltycuines\/"]}]}},"_links":{"self":[{"href":"https:\/\/www.noveltycuines.com\/ca\/wp-json\/wp\/v2\/proyectos-de-reforma\/6356","targetHints":{"allow":["GET"]}}],"collection":[{"href":"https:\/\/www.noveltycuines.com\/ca\/wp-json\/wp\/v2\/proyectos-de-reforma"}],"about":[{"href":"https:\/\/www.noveltycuines.com\/ca\/wp-json\/wp\/v2\/types\/proyectos-de-reforma"}],"version-history":[{"count":0,"href":"https:\/\/www.noveltycuines.com\/ca\/wp-json\/wp\/v2\/proyectos-de-reforma\/6356\/revisions"}],"wp:featuredmedia":[{"embeddable":true,"href":"https:\/\/www.noveltycuines.com\/ca\/wp-json\/wp\/v2\/media\/1518"}],"wp:attachment":[{"href":"https:\/\/www.noveltycuines.com\/ca\/wp-json\/wp\/v2\/media?parent=6356"}],"curies":[{"name":"wp","href":"https:\/\/api.w.org\/{rel}","templated":true}]}}